{"id":3608,"date":"2023-06-30T12:34:41","date_gmt":"2023-06-30T12:34:41","guid":{"rendered":"https:\/\/osteriaallarosa2.it.graffitiweb.site\/il-locale\/"},"modified":"2025-02-21T07:49:35","modified_gmt":"2025-02-21T07:49:35","slug":"il-locale","status":"publish","type":"page","link":"https:\/\/osteriaallarosa.it\/de\/il-locale\/","title":{"rendered":"DAS LOKAL"},"content":{"rendered":"\t\t<div data-elementor-type=\"wp-page\" data-elementor-id=\"3608\" class=\"elementor elementor-3608 elementor-2147\">\n\t\t\t\t<div class=\"elementor-element elementor-element-91961dc e-flex e-con-boxed e-con e-parent\" data-id=\"91961dc\" data-element_type=\"container\">\n\t\t\t\t\t<div class=\"e-con-inner\">\n\t\t\t\t<div class=\"elementor-element elementor-element-5156a0d elementor-widget elementor-widget-heading\" data-id=\"5156a0d\" data-element_type=\"widget\" data-widget_type=\"heading.default\">\n\t\t\t\t<div class=\"elementor-widget-container\">\n\t\t\t\t\t<h1 class=\"elementor-heading-title elementor-size-default\">DAS LOKAL<\/h1>\t\t\t\t<\/div>\n\t\t\t\t<\/div>\n\t\t\t\t\t<\/div>\n\t\t\t\t<\/div>\n\t\t<div class=\"elementor-element elementor-element-5bf318d9 box-nomargin e-flex e-con-boxed e-con e-parent\" data-id=\"5bf318d9\" data-element_type=\"container\">\n\t\t\t\t\t<div class=\"e-con-inner\">\n\t\t<div class=\"elementor-element elementor-element-6f80e7cd e-con-full e-flex e-con e-child\" data-id=\"6f80e7cd\" data-element_type=\"container\">\n\t\t\t\t<div class=\"elementor-element elementor-element-454a23e1 home-subtitle-el elementor-widget elementor-widget-heading\" data-id=\"454a23e1\" data-element_type=\"widget\" data-widget_type=\"heading.default\">\n\t\t\t\t<div class=\"elementor-widget-container\">\n\t\t\t\t\t<h3 class=\"elementor-heading-title elementor-size-default\">GESCHICHTE<\/h3>\t\t\t\t<\/div>\n\t\t\t\t<\/div>\n\t\t\t\t<div class=\"elementor-element elementor-element-30d6304f elementor-widget elementor-widget-heading\" data-id=\"30d6304f\" data-element_type=\"widget\" data-widget_type=\"heading.default\">\n\t\t\t\t<div class=\"elementor-widget-container\">\n\t\t\t\t\t<span class=\"elementor-heading-title elementor-size-default\">Willkommen in der Osteria alla Rosa!\nSie befinden sich in einem der historischen Gasth\u00e4user von Malcesine, dessen Er\u00f6ffnung auf den Anfang des vorigen Jahrhunderts zur\u00fcckgeht. \nBei Rosa \u201eparkte\u201c man den Esel im Hof (heute: Pergola-Garten) und trat dann ein, um Gesch\u00e4fte zum Abschluss zu bringen, um Arbeitskr\u00e4fte f\u00fcr die Feldarbeit anzubieten oder zu suchen, um den An- und Verkauf von Vieh zu verhandeln oder einfach um Karten zu spielen und einen guten Schluck zusammen mit anderen zu nehmen; Handwerker und Bauern konnten sich dabei ihr Essen mitbringen, das Rosa auf dem Ofen warm gehalten hat, um es dann mit einem (oft auch mehreren!!) Gl\u00e4sern Wein zu servieren.\nIm Laufe der Zeit hat die Bar Rosa zwar die K\u00fcche aufgegeben, ist aber immer ein Treffpunkt f\u00fcr die Einheimischen geblieben. Erst in den 60er Jahren - mit dem Einsetzen des Tourismus \u2013 \u00fcberschritten auch  ausl\u00e4ndische G\u00e4ste die Schwelle zur Osteria la Rosa, angezogen und neugierig gemacht durch die vielstimmige F\u00fcrsprache der Dorfbewohner.\n\n<\/span>\t\t\t\t<\/div>\n\t\t\t\t<\/div>\n\t\t\t\t<\/div>\n\t\t<div class=\"elementor-element elementor-element-2dd53e36 e-con-full e-flex e-con e-child\" data-id=\"2dd53e36\" data-element_type=\"container\">\n\t\t\t\t<div class=\"elementor-element elementor-element-4f6bec4a home-subtitle-el elementor-widget elementor-widget-heading\" data-id=\"4f6bec4a\" data-element_type=\"widget\" data-widget_type=\"heading.default\">\n\t\t\t\t<div class=\"elementor-widget-container\">\n\t\t\t\t\t<h3 class=\"elementor-heading-title elementor-size-default\">UNSERE ZEIT<\/h3>\t\t\t\t<\/div>\n\t\t\t\t<\/div>\n\t\t\t\t<div class=\"elementor-element elementor-element-4a15cdaf elementor-widget elementor-widget-heading\" data-id=\"4a15cdaf\" data-element_type=\"widget\" data-widget_type=\"heading.default\">\n\t\t\t\t<div class=\"elementor-widget-container\">\n\t\t\t\t\t<span class=\"elementor-heading-title elementor-size-default\">Im Juni 2000 haben meine Frau Luisa und ich (Marco Pallua) die Herde dieser alten Osteria im historischen Zentrum von Malcesine wieder \u201eangesch\u00fcrt\u201c. Wir lie\u00dfen uns dabei vom Motto \u201eNeue K\u00fcche, traditioneller Geschmack\u201c leiten. Auch ist das Gasthaus vollkommen neu aufgebaut worden; seine der lokalen Tradition entsprechende Seele hat es aber bewahrt. \nDank der seit gut vier Generationen \u00fcberlieferten Erfahrung und unserer Leidenschaft f\u00fcr die Sache ist es uns innerhalb weniger Jahre gelungen, ein angenehmes und einladendes Ambiente zu schaffen. Hier k\u00f6nnen Sie die besten Gerichte einer K\u00fcche genie\u00dfen, die Ihnen alle Geschmacksrichtungen des Sees und der ihn umgebenden Region bietet. \nBeim Eintreten in das Lokal atmet man sogleich die Atmosph\u00e4re der Osteria von einst ein: in der Bar und im Speiseraum die Einrichtung im Stil der arte povera, an den W\u00e4nden antike Werkzeuge als Zeugen des fr\u00fcheren b\u00e4uerlichen Lebens und der alten Handwerksberufe, auf den Tischen karierte Servietten und an der Bar die Einheimischen im intensiven Palaver. \nIn der sch\u00f6nen Jahreszeit k\u00f6nnen Sie unsere K\u00fcche testen oder einfach an einem Glas guten Weins nippen w\u00e4hrend Sie die gem\u00fctliche Atmosph\u00e4re im Schatten unserer von Weinst\u00f6cken \u00fcberwucherten Pergola genie\u00dfen. \nDie K\u00fcche ist durchgehend ge\u00f6ffnet, zu jeder Tageszeit k\u00f6nnen Sie eine gute Flasche Wein aus der gro\u00dfen Auswahl unseres Kellers probieren und ihren Appetit mit unseren \u00f6rtlichen Salami- und K\u00e4sesorten oder den H\u00e4ppchen mit Gardasee-Fisch anregen.<\/span>\t\t\t\t<\/div>\n\t\t\t\t<\/div>\n\t\t\t\t<\/div>\n\t\t\t\t\t<\/div>\n\t\t\t\t<\/div>\n\t\t<div class=\"elementor-element elementor-element-7605246f box-nomargin e-flex e-con-boxed e-con e-parent\" data-id=\"7605246f\" data-element_type=\"container\">\n\t\t\t\t\t<div class=\"e-con-inner\">\n\t\t<div class=\"elementor-element elementor-element-661ccef5 e-con-full e-flex e-con e-child\" data-id=\"661ccef5\" data-element_type=\"container\">\n\t\t\t\t<div class=\"elementor-element elementor-element-5ddf17cf home-title-el title-headline-el elementor-widget elementor-widget-heading\" data-id=\"5ddf17cf\" data-element_type=\"widget\" data-widget_type=\"heading.default\">\n\t\t\t\t<div class=\"elementor-widget-container\">\n\t\t\t\t\t<h6 class=\"elementor-heading-title elementor-size-default\">MIT STOLZ UND ZUFRIEDENHEIT WURDEN WIR IM JAHR 2024 IN DIE REGIONALE LISTE DER ,,HISTORISCHEN HANDELSORTE'' DER REGION VENETIEN EINGETRAGEN, DIE HANDELSAKTIVIT\u00c4TEN UMFASST, DIE \u00dcBER VIELE JAHRE HINWEG TRADITION, LEIDENSCHAFT UND GESELLIGKEIT BEWAHRT UND WEITERGEGEBEN HABEN.<\/h6>\t\t\t\t<\/div>\n\t\t\t\t<\/div>\n\t\t\t\t<\/div>\n\t\t\t\t\t<\/div>\n\t\t\t\t<\/div>\n\t\t<div class=\"elementor-element elementor-element-5965c03 box-nomargin e-flex e-con-boxed e-con e-parent\" data-id=\"5965c03\" data-element_type=\"container\">\n\t\t\t\t\t<div class=\"e-con-inner\">\n\t\t<div class=\"elementor-element elementor-element-298b311 e-con-full e-flex e-con e-child\" data-id=\"298b311\" data-element_type=\"container\">\n\t\t\t\t<div class=\"elementor-element elementor-element-28b5d11 elementor-widget elementor-widget-shortcode\" data-id=\"28b5d11\" data-element_type=\"widget\" data-widget_type=\"shortcode.default\">\n\t\t\t\t<div class=\"elementor-widget-container\">\n\t\t\t\t\t\t\t<div class=\"elementor-shortcode\"><div id=\"\" class=\"gallery-3colgrid-content\"><div class=\"menu-holder menu-3col-grid-image gallery-holder-fs clearfix\"><div class=\"menu-post gallery-post\"><a href=\"https:\/\/osteriaallarosa.it\/wp-content\/uploads\/2017\/01\/47.jpg\" class=\"lightbox\" title=\"\" data-elementor-open-lightbox=\"no\"><div class=\"item-content-bkg gallery-bkg\"><div class=\"gallery-img\" style=\"background-image:url(https:\/\/osteriaallarosa.it\/wp-content\/uploads\/2017\/01\/47.jpg)\"><\/div><div class=\"menu-post-desc\"><h4><\/h4><div class=\"gallery-mglass\"><i class=\"fa fa-search\"><\/i><\/div><\/div><\/div><\/a><\/div><div class=\"menu-post gallery-post\"><a href=\"https:\/\/osteriaallarosa.it\/wp-content\/uploads\/2017\/01\/50.jpg\" class=\"lightbox\" title=\"\" data-elementor-open-lightbox=\"no\"><div class=\"item-content-bkg gallery-bkg\"><div class=\"gallery-img\" style=\"background-image:url(https:\/\/osteriaallarosa.it\/wp-content\/uploads\/2017\/01\/50.jpg)\"><\/div><div class=\"menu-post-desc\"><h4><\/h4><div class=\"gallery-mglass\"><i class=\"fa fa-search\"><\/i><\/div><\/div><\/div><\/a><\/div><div class=\"menu-post gallery-post\"><a href=\"https:\/\/osteriaallarosa.it\/wp-content\/uploads\/2017\/01\/51.jpg\" class=\"lightbox\" title=\"\" data-elementor-open-lightbox=\"no\"><div class=\"item-content-bkg gallery-bkg\"><div class=\"gallery-img\" style=\"background-image:url(https:\/\/osteriaallarosa.it\/wp-content\/uploads\/2017\/01\/51.jpg)\"><\/div><div class=\"menu-post-desc\"><h4><\/h4><div class=\"gallery-mglass\"><i class=\"fa fa-search\"><\/i><\/div><\/div><\/div><\/a><\/div><div class=\"menu-post gallery-post\"><a href=\"https:\/\/osteriaallarosa.it\/wp-content\/uploads\/2017\/01\/59.jpg\" class=\"lightbox\" title=\"\" data-elementor-open-lightbox=\"no\"><div class=\"item-content-bkg gallery-bkg\"><div class=\"gallery-img\" style=\"background-image:url(https:\/\/osteriaallarosa.it\/wp-content\/uploads\/2017\/01\/59.jpg)\"><\/div><div class=\"menu-post-desc\"><h4><\/h4><div class=\"gallery-mglass\"><i class=\"fa fa-search\"><\/i><\/div><\/div><\/div><\/a><\/div><div class=\"menu-post gallery-post\"><a href=\"https:\/\/osteriaallarosa.it\/wp-content\/uploads\/2017\/01\/67.jpg\" class=\"lightbox\" title=\"\" data-elementor-open-lightbox=\"no\"><div class=\"item-content-bkg gallery-bkg\"><div class=\"gallery-img\" style=\"background-image:url(https:\/\/osteriaallarosa.it\/wp-content\/uploads\/2017\/01\/67.jpg)\"><\/div><div class=\"menu-post-desc\"><h4><\/h4><div class=\"gallery-mglass\"><i class=\"fa fa-search\"><\/i><\/div><\/div><\/div><\/a><\/div><div class=\"menu-post gallery-post\"><a href=\"https:\/\/osteriaallarosa.it\/wp-content\/uploads\/2017\/01\/75.jpg\" class=\"lightbox\" title=\"\" data-elementor-open-lightbox=\"no\"><div class=\"item-content-bkg gallery-bkg\"><div class=\"gallery-img\" style=\"background-image:url(https:\/\/osteriaallarosa.it\/wp-content\/uploads\/2017\/01\/75.jpg)\"><\/div><div class=\"menu-post-desc\"><h4><\/h4><div class=\"gallery-mglass\"><i class=\"fa fa-search\"><\/i><\/div><\/div><\/div><\/a><\/div><div class=\"menu-post gallery-post\"><a href=\"https:\/\/osteriaallarosa.it\/wp-content\/uploads\/2017\/01\/CIMG0128.jpg\" class=\"lightbox\" title=\"\" data-elementor-open-lightbox=\"no\"><div class=\"item-content-bkg gallery-bkg\"><div class=\"gallery-img\" style=\"background-image:url(https:\/\/osteriaallarosa.it\/wp-content\/uploads\/2017\/01\/CIMG0128.jpg)\"><\/div><div class=\"menu-post-desc\"><h4><\/h4><div class=\"gallery-mglass\"><i class=\"fa fa-search\"><\/i><\/div><\/div><\/div><\/a><\/div><div class=\"menu-post gallery-post\"><a href=\"https:\/\/osteriaallarosa.it\/wp-content\/uploads\/2017\/01\/CIMG2733.jpg\" class=\"lightbox\" title=\"\" data-elementor-open-lightbox=\"no\"><div class=\"item-content-bkg gallery-bkg\"><div class=\"gallery-img\" style=\"background-image:url(https:\/\/osteriaallarosa.it\/wp-content\/uploads\/2017\/01\/CIMG2733.jpg)\"><\/div><div class=\"menu-post-desc\"><h4><\/h4><div class=\"gallery-mglass\"><i class=\"fa fa-search\"><\/i><\/div><\/div><\/div><\/a><\/div><div class=\"menu-post gallery-post\"><a href=\"https:\/\/osteriaallarosa.it\/wp-content\/uploads\/2017\/01\/CIMG2735.jpg\" class=\"lightbox\" title=\"\" data-elementor-open-lightbox=\"no\"><div class=\"item-content-bkg gallery-bkg\"><div class=\"gallery-img\" style=\"background-image:url(https:\/\/osteriaallarosa.it\/wp-content\/uploads\/2017\/01\/CIMG2735.jpg)\"><\/div><div class=\"menu-post-desc\"><h4><\/h4><div class=\"gallery-mglass\"><i class=\"fa fa-search\"><\/i><\/div><\/div><\/div><\/a><\/div><div class=\"menu-post gallery-post\"><a href=\"https:\/\/osteriaallarosa.it\/wp-content\/uploads\/2017\/01\/panoramica-esterno.jpg\" class=\"lightbox\" title=\"\" data-elementor-open-lightbox=\"no\"><div class=\"item-content-bkg gallery-bkg\"><div class=\"gallery-img\" style=\"background-image:url(https:\/\/osteriaallarosa.it\/wp-content\/uploads\/2017\/01\/panoramica-esterno.jpg)\"><\/div><div class=\"menu-post-desc\"><h4><\/h4><div class=\"gallery-mglass\"><i class=\"fa fa-search\"><\/i><\/div><\/div><\/div><\/a><\/div><div class=\"menu-post gallery-post\"><a href=\"https:\/\/osteriaallarosa.it\/wp-content\/uploads\/2017\/01\/Tiziano-2011.jpg\" class=\"lightbox\" title=\"\" data-elementor-open-lightbox=\"no\"><div class=\"item-content-bkg gallery-bkg\"><div class=\"gallery-img\" style=\"background-image:url(https:\/\/osteriaallarosa.it\/wp-content\/uploads\/2017\/01\/Tiziano-2011.jpg)\"><\/div><div class=\"menu-post-desc\"><h4><\/h4><div class=\"gallery-mglass\"><i class=\"fa fa-search\"><\/i><\/div><\/div><\/div><\/a><\/div><div class=\"menu-post gallery-post\"><a href=\"https:\/\/osteriaallarosa.it\/wp-content\/uploads\/2017\/01\/IMG_5137.jpg\" class=\"lightbox\" title=\"\" data-elementor-open-lightbox=\"no\"><div class=\"item-content-bkg gallery-bkg\"><div class=\"gallery-img\" style=\"background-image:url(https:\/\/osteriaallarosa.it\/wp-content\/uploads\/2017\/01\/IMG_5137.jpg)\"><\/div><div class=\"menu-post-desc\"><h4><\/h4><div class=\"gallery-mglass\"><i class=\"fa fa-search\"><\/i><\/div><\/div><\/div><\/a><\/div><\/div><\/div><\/div>\n\t\t\t\t\t\t<\/div>\n\t\t\t\t<\/div>\n\t\t\t\t<\/div>\n\t\t\t\t\t<\/div>\n\t\t\t\t<\/div>\n\t\t\t\t<\/div>\n\t\t","protected":false},"excerpt":{"rendered":"<p>DAS LOKAL GESCHICHTE Willkommen in der Osteria alla Rosa! Sie befinden sich in einem der historischen Gasth\u00e4user von Malcesine, dessen Er\u00f6ffnung auf den Anfang des vorigen Jahrhunderts zur\u00fcckgeht. Bei Rosa \u201eparkte\u201c man den Esel im Hof (heute: Pergola-Garten) und trat dann ein, um Gesch\u00e4fte zum Abschluss zu bringen, um Arbeitskr\u00e4fte f\u00fcr die Feldarbeit anzubieten oder zu suchen, um den An-&#8230;<\/p>\n","protected":false},"author":1,"featured_media":0,"parent":0,"menu_order":0,"comment_status":"closed","ping_status":"closed","template":"elementor_header_footer","meta":{"_acf_changed":false,"footnotes":""},"class_list":["post-3608","page","type-page","status-publish","hentry"],"acf":[],"yoast_head":"<!-- This site is optimized with the Yoast SEO plugin v27.5 - https:\/\/yoast.com\/product\/yoast-seo-wordpress\/ -->\n<title>DAS LOKAL - Osteria alla Rosa<\/title>\n<meta name=\"robots\" content=\"index, follow, max-snippet:-1, max-image-preview:large, max-video-preview:-1\" \/>\n<link rel=\"canonical\" href=\"https:\/\/osteriaallarosa.it\/de\/il-locale\/\" \/>\n<meta property=\"og:locale\" content=\"de_DE\" \/>\n<meta property=\"og:type\" content=\"article\" \/>\n<meta property=\"og:title\" content=\"DAS LOKAL - Osteria alla Rosa\" \/>\n<meta property=\"og:description\" content=\"DAS LOKAL GESCHICHTE Willkommen in der Osteria alla Rosa! Sie befinden sich in einem der historischen Gasth\u00e4user von Malcesine, dessen Er\u00f6ffnung auf den Anfang des vorigen Jahrhunderts zur\u00fcckgeht. Bei Rosa \u201eparkte\u201c man den Esel im Hof (heute: Pergola-Garten) und trat dann ein, um Gesch\u00e4fte zum Abschluss zu bringen, um Arbeitskr\u00e4fte f\u00fcr die Feldarbeit anzubieten oder zu suchen, um den An-...\" \/>\n<meta property=\"og:url\" content=\"https:\/\/osteriaallarosa.it\/de\/il-locale\/\" \/>\n<meta property=\"og:site_name\" content=\"Osteria alla Rosa\" \/>\n<meta property=\"article:modified_time\" content=\"2025-02-21T07:49:35+00:00\" \/>\n<meta name=\"twitter:card\" content=\"summary_large_image\" \/>\n<meta name=\"twitter:label1\" content=\"Gesch\u00e4tzte Lesezeit\" \/>\n\t<meta name=\"twitter:data1\" content=\"2\u00a0Minuten\" \/>\n<script type=\"application\/ld+json\" class=\"yoast-schema-graph\">{\"@context\":\"https:\\\/\\\/schema.org\",\"@graph\":[{\"@type\":\"WebPage\",\"@id\":\"https:\\\/\\\/osteriaallarosa.it\\\/de\\\/il-locale\\\/\",\"url\":\"https:\\\/\\\/osteriaallarosa.it\\\/de\\\/il-locale\\\/\",\"name\":\"DAS LOKAL - Osteria alla Rosa\",\"isPartOf\":{\"@id\":\"https:\\\/\\\/osteriaallarosa.it\\\/#website\"},\"datePublished\":\"2023-06-30T12:34:41+00:00\",\"dateModified\":\"2025-02-21T07:49:35+00:00\",\"breadcrumb\":{\"@id\":\"https:\\\/\\\/osteriaallarosa.it\\\/de\\\/il-locale\\\/#breadcrumb\"},\"inLanguage\":\"de\",\"potentialAction\":[{\"@type\":\"ReadAction\",\"target\":[\"https:\\\/\\\/osteriaallarosa.it\\\/de\\\/il-locale\\\/\"]}]},{\"@type\":\"BreadcrumbList\",\"@id\":\"https:\\\/\\\/osteriaallarosa.it\\\/de\\\/il-locale\\\/#breadcrumb\",\"itemListElement\":[{\"@type\":\"ListItem\",\"position\":1,\"name\":\"Home\",\"item\":\"https:\\\/\\\/osteriaallarosa.it\\\/\"},{\"@type\":\"ListItem\",\"position\":2,\"name\":\"DAS LOKAL\"}]},{\"@type\":\"WebSite\",\"@id\":\"https:\\\/\\\/osteriaallarosa.it\\\/#website\",\"url\":\"https:\\\/\\\/osteriaallarosa.it\\\/\",\"name\":\"Osteria alla Rosa\",\"description\":\"locale storico di Malcesine\",\"publisher\":{\"@id\":\"https:\\\/\\\/osteriaallarosa.it\\\/#organization\"},\"potentialAction\":[{\"@type\":\"SearchAction\",\"target\":{\"@type\":\"EntryPoint\",\"urlTemplate\":\"https:\\\/\\\/osteriaallarosa.it\\\/?s={search_term_string}\"},\"query-input\":{\"@type\":\"PropertyValueSpecification\",\"valueRequired\":true,\"valueName\":\"search_term_string\"}}],\"inLanguage\":\"de\"},{\"@type\":\"Organization\",\"@id\":\"https:\\\/\\\/osteriaallarosa.it\\\/#organization\",\"name\":\"Osteria alla Rosa\",\"url\":\"https:\\\/\\\/osteriaallarosa.it\\\/\",\"logo\":{\"@type\":\"ImageObject\",\"inLanguage\":\"de\",\"@id\":\"https:\\\/\\\/osteriaallarosa.it\\\/#\\\/schema\\\/logo\\\/image\\\/\",\"url\":\"https:\\\/\\\/osteriaallarosa.it\\\/wp-content\\\/uploads\\\/2025\\\/02\\\/osteriaaalrosa.png\",\"contentUrl\":\"https:\\\/\\\/osteriaallarosa.it\\\/wp-content\\\/uploads\\\/2025\\\/02\\\/osteriaaalrosa.png\",\"width\":469,\"height\":197,\"caption\":\"Osteria alla Rosa\"},\"image\":{\"@id\":\"https:\\\/\\\/osteriaallarosa.it\\\/#\\\/schema\\\/logo\\\/image\\\/\"}}]}<\/script>\n<!-- \/ Yoast SEO plugin. -->","yoast_head_json":{"title":"DAS LOKAL - Osteria alla Rosa","robots":{"index":"index","follow":"follow","max-snippet":"max-snippet:-1","max-image-preview":"max-image-preview:large","max-video-preview":"max-video-preview:-1"},"canonical":"https:\/\/osteriaallarosa.it\/de\/il-locale\/","og_locale":"de_DE","og_type":"article","og_title":"DAS LOKAL - Osteria alla Rosa","og_description":"DAS LOKAL GESCHICHTE Willkommen in der Osteria alla Rosa! Sie befinden sich in einem der historischen Gasth\u00e4user von Malcesine, dessen Er\u00f6ffnung auf den Anfang des vorigen Jahrhunderts zur\u00fcckgeht. Bei Rosa \u201eparkte\u201c man den Esel im Hof (heute: Pergola-Garten) und trat dann ein, um Gesch\u00e4fte zum Abschluss zu bringen, um Arbeitskr\u00e4fte f\u00fcr die Feldarbeit anzubieten oder zu suchen, um den An-...","og_url":"https:\/\/osteriaallarosa.it\/de\/il-locale\/","og_site_name":"Osteria alla Rosa","article_modified_time":"2025-02-21T07:49:35+00:00","twitter_card":"summary_large_image","twitter_misc":{"Gesch\u00e4tzte Lesezeit":"2\u00a0Minuten"},"schema":{"@context":"https:\/\/schema.org","@graph":[{"@type":"WebPage","@id":"https:\/\/osteriaallarosa.it\/de\/il-locale\/","url":"https:\/\/osteriaallarosa.it\/de\/il-locale\/","name":"DAS LOKAL - Osteria alla Rosa","isPartOf":{"@id":"https:\/\/osteriaallarosa.it\/#website"},"datePublished":"2023-06-30T12:34:41+00:00","dateModified":"2025-02-21T07:49:35+00:00","breadcrumb":{"@id":"https:\/\/osteriaallarosa.it\/de\/il-locale\/#breadcrumb"},"inLanguage":"de","potentialAction":[{"@type":"ReadAction","target":["https:\/\/osteriaallarosa.it\/de\/il-locale\/"]}]},{"@type":"BreadcrumbList","@id":"https:\/\/osteriaallarosa.it\/de\/il-locale\/#breadcrumb","itemListElement":[{"@type":"ListItem","position":1,"name":"Home","item":"https:\/\/osteriaallarosa.it\/"},{"@type":"ListItem","position":2,"name":"DAS LOKAL"}]},{"@type":"WebSite","@id":"https:\/\/osteriaallarosa.it\/#website","url":"https:\/\/osteriaallarosa.it\/","name":"Osteria alla Rosa","description":"locale storico di Malcesine","publisher":{"@id":"https:\/\/osteriaallarosa.it\/#organization"},"potentialAction":[{"@type":"SearchAction","target":{"@type":"EntryPoint","urlTemplate":"https:\/\/osteriaallarosa.it\/?s={search_term_string}"},"query-input":{"@type":"PropertyValueSpecification","valueRequired":true,"valueName":"search_term_string"}}],"inLanguage":"de"},{"@type":"Organization","@id":"https:\/\/osteriaallarosa.it\/#organization","name":"Osteria alla Rosa","url":"https:\/\/osteriaallarosa.it\/","logo":{"@type":"ImageObject","inLanguage":"de","@id":"https:\/\/osteriaallarosa.it\/#\/schema\/logo\/image\/","url":"https:\/\/osteriaallarosa.it\/wp-content\/uploads\/2025\/02\/osteriaaalrosa.png","contentUrl":"https:\/\/osteriaallarosa.it\/wp-content\/uploads\/2025\/02\/osteriaaalrosa.png","width":469,"height":197,"caption":"Osteria alla Rosa"},"image":{"@id":"https:\/\/osteriaallarosa.it\/#\/schema\/logo\/image\/"}}]}},"_links":{"self":[{"href":"https:\/\/osteriaallarosa.it\/de\/wp-json\/wp\/v2\/pages\/3608","targetHints":{"allow":["GET"]}}],"collection":[{"href":"https:\/\/osteriaallarosa.it\/de\/wp-json\/wp\/v2\/pages"}],"about":[{"href":"https:\/\/osteriaallarosa.it\/de\/wp-json\/wp\/v2\/types\/page"}],"author":[{"embeddable":true,"href":"https:\/\/osteriaallarosa.it\/de\/wp-json\/wp\/v2\/users\/1"}],"replies":[{"embeddable":true,"href":"https:\/\/osteriaallarosa.it\/de\/wp-json\/wp\/v2\/comments?post=3608"}],"version-history":[{"count":6,"href":"https:\/\/osteriaallarosa.it\/de\/wp-json\/wp\/v2\/pages\/3608\/revisions"}],"predecessor-version":[{"id":4111,"href":"https:\/\/osteriaallarosa.it\/de\/wp-json\/wp\/v2\/pages\/3608\/revisions\/4111"}],"wp:attachment":[{"href":"https:\/\/osteriaallarosa.it\/de\/wp-json\/wp\/v2\/media?parent=3608"}],"curies":[{"name":"wp","href":"https:\/\/api.w.org\/{rel}","templated":true}]}}